{"id":570,"date":"2019-10-25T09:50:44","date_gmt":"2019-10-25T09:50:44","guid":{"rendered":"http:\/\/demo.athemes.com\/sydney-redesign\/?page_id=13"},"modified":"2025-04-03T23:24:49","modified_gmt":"2025-04-03T23:24:49","slug":"home-2","status":"publish","type":"page","link":"https:\/\/www.comefex.com\/","title":{"rendered":"Home"},"content":{"rendered":"\t\t<div data-elementor-type=\"wp-page\" data-elementor-id=\"570\" class=\"elementor elementor-570\" data-elementor-settings=\"[]\">\n\t\t\t\t\t\t<div class=\"elementor-inner\">\n\t\t\t\t\t\t\t<div class=\"elementor-section-wrap\">\n\t\t\t\t\t\t\t<section class=\"elementor-section elementor-top-section elementor-element elementor-element-60992383 elementor-section-stretched elementor-section-boxed elementor-section-height-default elementor-section-height-default\" data-id=\"60992383\" data-element_type=\"section\" data-settings=\"{&quot;stretch_section&quot;:&quot;section-stretched&quot;}\">\n\t\t\t\t\t\t<div class=\"elementor-container elementor-column-gap-default\">\n\t\t\t\t\t\t\t<div class=\"elementor-row\">\n\t\t\t\t\t<div class=\"elementor-column elementor-col-100 elementor-top-column elementor-element elementor-element-4591f6af\" data-id=\"4591f6af\" data-element_type=\"column\">\n\t\t\t<div class=\"elementor-column-wrap elementor-element-populated\">\n\t\t\t\t\t\t\t<div class=\"elementor-widget-wrap\">\n\t\t\t\t\t\t<div class=\"elementor-element elementor-element-66ac6a1 elementor-widget elementor-widget-image\" data-id=\"66ac6a1\" data-element_type=\"widget\" data-widget_type=\"image.default\">\n\t\t\t\t<div class=\"elementor-widget-container\">\n\t\t\t\t\t\t\t\t<div class=\"elementor-image\">\n\t\t\t\t\t\t\t\t\t\t\t\t<img width=\"1024\" height=\"46\" src=\"https:\/\/www.comefex.com\/wp-content\/uploads\/2020\/04\/ferias-1024x46.jpg\" class=\"attachment-large size-large\" alt=\"\" loading=\"lazy\" srcset=\"https:\/\/www.comefex.com\/wp-content\/uploads\/2020\/04\/ferias-1024x46.jpg 1024w, https:\/\/www.comefex.com\/wp-content\/uploads\/2020\/04\/ferias-300x14.jpg 300w, https:\/\/www.comefex.com\/wp-content\/uploads\/2020\/04\/ferias-768x35.jpg 768w, https:\/\/www.comefex.com\/wp-content\/uploads\/2020\/04\/ferias-1536x70.jpg 1536w, https:\/\/www.comefex.com\/wp-content\/uploads\/2020\/04\/ferias-2048x93.jpg 2048w, https:\/\/www.comefex.com\/wp-content\/uploads\/2020\/04\/ferias-830x38.jpg 830w, https:\/\/www.comefex.com\/wp-content\/uploads\/2020\/04\/ferias-230x10.jpg 230w, https:\/\/www.comefex.com\/wp-content\/uploads\/2020\/04\/ferias-350x16.jpg 350w, https:\/\/www.comefex.com\/wp-content\/uploads\/2020\/04\/ferias-480x22.jpg 480w\" sizes=\"(max-width: 1024px) 100vw, 1024px\" \/>\t\t\t\t\t\t\t\t\t\t\t\t\t\t<\/div>\n\t\t\t\t\t\t<\/div>\n\t\t\t\t<\/div>\n\t\t\t\t<div class=\"elementor-element elementor-element-5b5e15d1 elementor-invisible elementor-widget elementor-widget-text-editor\" data-id=\"5b5e15d1\" data-element_type=\"widget\" data-settings=\"{&quot;_animation&quot;:&quot;fadeInDown&quot;}\" data-widget_type=\"text-editor.default\">\n\t\t\t\t<div class=\"elementor-widget-container\">\n\t\t\t\t\t\t\t\t<div class=\"elementor-text-editor elementor-clearfix\">\n\t\t\t\t\t<p><!-- wp:paragraph --><\/p><p><!-- \/wp:paragraph --><\/p><p>\u00a0<\/p><p><a href=\"#sobrenosotros\"><br \/><img loading=\"lazy\" src=\"http:\/\/www.comefex.com\/wp-content\/uploads\/2023\/10\/Bienvenidos-100.jpg\" sizes=\"(max-width: 1322px) 100vw, 1322px\" srcset=\"https:\/\/www.comefex.com\/wp-content\/uploads\/2023\/10\/Bienvenidos-100.jpg 1322w, https:\/\/www.comefex.com\/wp-content\/uploads\/2023\/10\/Bienvenidos-100-300x22.jpg 300w, https:\/\/www.comefex.com\/wp-content\/uploads\/2023\/10\/Bienvenidos-100-1024x75.jpg 1024w, https:\/\/www.comefex.com\/wp-content\/uploads\/2023\/10\/Bienvenidos-100-768x56.jpg 768w, https:\/\/www.comefex.com\/wp-content\/uploads\/2023\/10\/Bienvenidos-100-830x61.jpg 830w, https:\/\/www.comefex.com\/wp-content\/uploads\/2023\/10\/Bienvenidos-100-230x17.jpg 230w, https:\/\/www.comefex.com\/wp-content\/uploads\/2023\/10\/Bienvenidos-100-350x26.jpg 350w, https:\/\/www.comefex.com\/wp-content\/uploads\/2023\/10\/Bienvenidos-100-480x35.jpg 480w\" alt=\"\" width=\"1322\" height=\"97\" \/><\/a><a href=\"#ferias\"><br \/><img loading=\"lazy\" src=\"http:\/\/www.comefex.com\/wp-content\/uploads\/2023\/10\/Organizacion-y-Ferias-3-100.jpg\" sizes=\"(max-width: 1322px) 100vw, 1322px\" srcset=\"https:\/\/www.comefex.com\/wp-content\/uploads\/2023\/10\/Organizacion-y-Ferias-3-100.jpg 1322w, https:\/\/www.comefex.com\/wp-content\/uploads\/2023\/10\/Organizacion-y-Ferias-3-100-300x22.jpg 300w, https:\/\/www.comefex.com\/wp-content\/uploads\/2023\/10\/Organizacion-y-Ferias-3-100-1024x75.jpg 1024w, https:\/\/www.comefex.com\/wp-content\/uploads\/2023\/10\/Organizacion-y-Ferias-3-100-768x56.jpg 768w, https:\/\/www.comefex.com\/wp-content\/uploads\/2023\/10\/Organizacion-y-Ferias-3-100-830x61.jpg 830w, https:\/\/www.comefex.com\/wp-content\/uploads\/2023\/10\/Organizacion-y-Ferias-3-100-230x17.jpg 230w, https:\/\/www.comefex.com\/wp-content\/uploads\/2023\/10\/Organizacion-y-Ferias-3-100-350x26.jpg 350w, https:\/\/www.comefex.com\/wp-content\/uploads\/2023\/10\/Organizacion-y-Ferias-3-100-480x35.jpg 480w\" alt=\"\" width=\"1322\" height=\"97\" \/><\/a><a href=\"#stands\"><br \/><img loading=\"lazy\" src=\"http:\/\/www.comefex.com\/wp-content\/uploads\/2023\/10\/Montaje-4-100.jpg\" sizes=\"(max-width: 1322px) 100vw, 1322px\" srcset=\"https:\/\/www.comefex.com\/wp-content\/uploads\/2023\/10\/Montaje-4-100.jpg 1322w, https:\/\/www.comefex.com\/wp-content\/uploads\/2023\/10\/Montaje-4-100-300x22.jpg 300w, https:\/\/www.comefex.com\/wp-content\/uploads\/2023\/10\/Montaje-4-100-1024x75.jpg 1024w, https:\/\/www.comefex.com\/wp-content\/uploads\/2023\/10\/Montaje-4-100-768x56.jpg 768w, https:\/\/www.comefex.com\/wp-content\/uploads\/2023\/10\/Montaje-4-100-830x61.jpg 830w, https:\/\/www.comefex.com\/wp-content\/uploads\/2023\/10\/Montaje-4-100-230x17.jpg 230w, https:\/\/www.comefex.com\/wp-content\/uploads\/2023\/10\/Montaje-4-100-350x26.jpg 350w, https:\/\/www.comefex.com\/wp-content\/uploads\/2023\/10\/Montaje-4-100-480x35.jpg 480w\" alt=\"\" width=\"1322\" height=\"97\" \/><\/a><a href=\"#registro\"><br \/><img loading=\"lazy\" src=\"http:\/\/www.comefex.com\/wp-content\/uploads\/2023\/10\/Registro-y-Acreditacion-5-100.jpg\" sizes=\"(max-width: 1322px) 100vw, 1322px\" srcset=\"https:\/\/www.comefex.com\/wp-content\/uploads\/2023\/10\/Registro-y-Acreditacion-5-100.jpg 1322w, https:\/\/www.comefex.com\/wp-content\/uploads\/2023\/10\/Registro-y-Acreditacion-5-100-300x22.jpg 300w, https:\/\/www.comefex.com\/wp-content\/uploads\/2023\/10\/Registro-y-Acreditacion-5-100-1024x75.jpg 1024w, https:\/\/www.comefex.com\/wp-content\/uploads\/2023\/10\/Registro-y-Acreditacion-5-100-768x56.jpg 768w, https:\/\/www.comefex.com\/wp-content\/uploads\/2023\/10\/Registro-y-Acreditacion-5-100-830x61.jpg 830w, https:\/\/www.comefex.com\/wp-content\/uploads\/2023\/10\/Registro-y-Acreditacion-5-100-230x17.jpg 230w, https:\/\/www.comefex.com\/wp-content\/uploads\/2023\/10\/Registro-y-Acreditacion-5-100-350x26.jpg 350w, https:\/\/www.comefex.com\/wp-content\/uploads\/2023\/10\/Registro-y-Acreditacion-5-100-480x35.jpg 480w\" alt=\"\" width=\"1322\" height=\"97\" \/><\/a><a href=\"#ingcarton\"><br \/><img loading=\"lazy\" src=\"http:\/\/www.comefex.com\/wp-content\/uploads\/2023\/10\/Mobiliario-6-100.jpg\" sizes=\"(max-width: 1322px) 100vw, 1322px\" srcset=\"https:\/\/www.comefex.com\/wp-content\/uploads\/2023\/10\/Mobiliario-6-100.jpg 1322w, https:\/\/www.comefex.com\/wp-content\/uploads\/2023\/10\/Mobiliario-6-100-300x22.jpg 300w, https:\/\/www.comefex.com\/wp-content\/uploads\/2023\/10\/Mobiliario-6-100-1024x75.jpg 1024w, https:\/\/www.comefex.com\/wp-content\/uploads\/2023\/10\/Mobiliario-6-100-768x56.jpg 768w, https:\/\/www.comefex.com\/wp-content\/uploads\/2023\/10\/Mobiliario-6-100-830x61.jpg 830w, https:\/\/www.comefex.com\/wp-content\/uploads\/2023\/10\/Mobiliario-6-100-230x17.jpg 230w, https:\/\/www.comefex.com\/wp-content\/uploads\/2023\/10\/Mobiliario-6-100-350x26.jpg 350w, https:\/\/www.comefex.com\/wp-content\/uploads\/2023\/10\/Mobiliario-6-100-480x35.jpg 480w\" alt=\"\" width=\"1322\" height=\"97\" \/><\/a><a href=\"#museos\"><br \/><img loading=\"lazy\" src=\"http:\/\/www.comefex.com\/wp-content\/uploads\/2023\/10\/Mueso-7-100.jpg\" sizes=\"(max-width: 1322px) 100vw, 1322px\" srcset=\"https:\/\/www.comefex.com\/wp-content\/uploads\/2023\/10\/Mueso-7-100.jpg 1322w, https:\/\/www.comefex.com\/wp-content\/uploads\/2023\/10\/Mueso-7-100-300x22.jpg 300w, https:\/\/www.comefex.com\/wp-content\/uploads\/2023\/10\/Mueso-7-100-1024x75.jpg 1024w, https:\/\/www.comefex.com\/wp-content\/uploads\/2023\/10\/Mueso-7-100-768x56.jpg 768w, https:\/\/www.comefex.com\/wp-content\/uploads\/2023\/10\/Mueso-7-100-830x61.jpg 830w, https:\/\/www.comefex.com\/wp-content\/uploads\/2023\/10\/Mueso-7-100-230x17.jpg 230w, https:\/\/www.comefex.com\/wp-content\/uploads\/2023\/10\/Mueso-7-100-350x26.jpg 350w, https:\/\/www.comefex.com\/wp-content\/uploads\/2023\/10\/Mueso-7-100-480x35.jpg 480w\" alt=\"\" width=\"1322\" height=\"97\" \/><\/a><a href=\"#arte\"><br \/><img loading=\"lazy\" src=\"http:\/\/www.comefex.com\/wp-content\/uploads\/2023\/10\/Arte-8-100.jpg\" sizes=\"(max-width: 1322px) 100vw, 1322px\" srcset=\"https:\/\/www.comefex.com\/wp-content\/uploads\/2023\/10\/Arte-8-100.jpg 1322w, https:\/\/www.comefex.com\/wp-content\/uploads\/2023\/10\/Arte-8-100-300x22.jpg 300w, https:\/\/www.comefex.com\/wp-content\/uploads\/2023\/10\/Arte-8-100-1024x75.jpg 1024w, https:\/\/www.comefex.com\/wp-content\/uploads\/2023\/10\/Arte-8-100-768x56.jpg 768w, https:\/\/www.comefex.com\/wp-content\/uploads\/2023\/10\/Arte-8-100-830x61.jpg 830w, https:\/\/www.comefex.com\/wp-content\/uploads\/2023\/10\/Arte-8-100-230x17.jpg 230w, https:\/\/www.comefex.com\/wp-content\/uploads\/2023\/10\/Arte-8-100-350x26.jpg 350w, https:\/\/www.comefex.com\/wp-content\/uploads\/2023\/10\/Arte-8-100-480x35.jpg 480w\" alt=\"\" width=\"1322\" height=\"97\" \/><\/a><a href=\"#contacto\"><br \/><img loading=\"lazy\" src=\"http:\/\/www.comefex.com\/wp-content\/uploads\/2023\/10\/Contacto-9-100.jpg\" sizes=\"(max-width: 1322px) 100vw, 1322px\" srcset=\"https:\/\/www.comefex.com\/wp-content\/uploads\/2023\/10\/Contacto-9-100.jpg 1322w, https:\/\/www.comefex.com\/wp-content\/uploads\/2023\/10\/Contacto-9-100-300x22.jpg 300w, https:\/\/www.comefex.com\/wp-content\/uploads\/2023\/10\/Contacto-9-100-1024x75.jpg 1024w, https:\/\/www.comefex.com\/wp-content\/uploads\/2023\/10\/Contacto-9-100-768x56.jpg 768w, https:\/\/www.comefex.com\/wp-content\/uploads\/2023\/10\/Contacto-9-100-830x61.jpg 830w, https:\/\/www.comefex.com\/wp-content\/uploads\/2023\/10\/Contacto-9-100-230x17.jpg 230w, https:\/\/www.comefex.com\/wp-content\/uploads\/2023\/10\/Contacto-9-100-350x26.jpg 350w, https:\/\/www.comefex.com\/wp-content\/uploads\/2023\/10\/Contacto-9-100-480x35.jpg 480w\" alt=\"\" width=\"1322\" height=\"97\" \/> <\/a><\/p><h2>\u00a0<\/h2><h2>BIENVENIDOS<\/h2><p>Comefex es una empresa de Dise\u00f1o, Construcci\u00f3n y Log\u00edstica en el mundo de la Arquitectura Ef\u00edmera , aplicada a Ferias, Congresos, Exposiciones,\u00a0 Eventos y Museos con una gran trayectoria de 40 a\u00f1os ofreciendo Excelencia de Servicio y Calidad.<\/p><p><strong>FILOSOF\u00cdA<\/strong><\/p><p>El cliente es el Eje de nuestra empresa y todas las acciones conseguidas con optimo resultados son en beneficio de ellos. Comefex se ha caracterizado por ser una compa\u00f1\u00eda que cuenta con clientela permanente y fiel gracias a su reconocida honestidad, respeto y puntualidad cuyos valores inquebrantables son parte del servicio productivo y creativo \u00e1gil.<\/p><p>Bajo el mismo techo manejamos Aluminio, Laminas de Cart\u00f3n corrugado y el denominado Nido de Abeja, Madera, Aglomerados, Vinilos e impresiones con materiales de Alto Grado confiabilidad para construcciones seguras ofreciendo tranquilidad a los Clientes.<\/p><p><strong>MISI\u00d3N<\/strong><\/p><p>Proveer productos y Servicios para Exhibici\u00f3n y Exposici\u00f3n con innovaci\u00f3n.<\/p><p><strong>VISI\u00d3N<\/strong><\/p><p>Ser una Empresa reconocida por hacer equipo con sus clientes para lograr superar sus expectativas de manera justa: Escuchamos, Pensamos y lo Hacemos<\/p><p>Operamos en LATAM y el Mundo como miembros de AFIDA y otras Alianzas colaborativas.<\/p><figure class=\"gallery-item\"><a href=\"http:\/\/www.comefex.com\/wp-content\/uploads\/2021\/07\/Logo-comefex-nuevo.jpg\" data-elementor-open-lightbox=\"no\"><img loading=\"lazy\" class=\"alignleft\" src=\"http:\/\/www.comefex.com\/wp-content\/uploads\/2021\/07\/Logo-comefex-nuevo-300x166.jpg\" sizes=\"(max-width: 300px) 100vw, 300px\" srcset=\"https:\/\/www.comefex.com\/wp-content\/uploads\/2021\/07\/Logo-comefex-nuevo-300x166.jpg 300w, https:\/\/www.comefex.com\/wp-content\/uploads\/2021\/07\/Logo-comefex-nuevo-230x127.jpg 230w, https:\/\/www.comefex.com\/wp-content\/uploads\/2021\/07\/Logo-comefex-nuevo-350x193.jpg 350w, https:\/\/www.comefex.com\/wp-content\/uploads\/2021\/07\/Logo-comefex-nuevo.jpg 429w\" alt=\"\" width=\"300\" height=\"166\" \/><\/a><\/figure><figure class=\"gallery-item\"><a href=\"http:\/\/www.comefex.com\/wp-content\/uploads\/2020\/01\/Alumex-2.png\" data-elementor-open-lightbox=\"no\"><img loading=\"lazy\" class=\"aligncenter\" src=\"http:\/\/www.comefex.com\/wp-content\/uploads\/2020\/01\/Alumex-2-300x69.png\" alt=\"\" width=\"300\" height=\"69\" \/><\/a><\/figure><figure class=\"gallery-item\"><a href=\"http:\/\/www.comefex.com\/wp-content\/uploads\/2020\/01\/logo-fida.jpg\" data-elementor-open-lightbox=\"no\"><img loading=\"lazy\" src=\"http:\/\/www.comefex.com\/wp-content\/uploads\/2020\/01\/logo-fida.jpg\" sizes=\"(max-width: 267px) 100vw, 267px\" srcset=\"https:\/\/www.comefex.com\/wp-content\/uploads\/2020\/01\/logo-fida.jpg 267w, https:\/\/www.comefex.com\/wp-content\/uploads\/2020\/01\/logo-fida-230x116.jpg 230w\" alt=\"\" width=\"267\" height=\"135\" \/><\/a><\/figure><h2>HISTORIA<\/h2><p style=\"color: #ffffff; text-align: justify;\">Luis Proa\u00f1o Recalde fundador de la empresa en Quito Ecuador desarroll\u00f3 el Perfil Vertical Octogonal y Horizontal en el a\u00f1o de 1987, diez a\u00f1os m\u00e1s tarde se perfecciona y se patenta el Sistema ALUMEX integrado por 17 perfiles que forman parte de su Catalogo T\u00e9cnico actual.<\/p><p style=\"color: #ffffff; text-align: justify;\">Desde el a\u00f1o 2001 Comefex fabrica el Sistema Modular de Aluminio ALUMEX, para poner al alcance de la mayor\u00eda de Organizadores y Expositores de ferias, Congresos, Exposiciones, Eventos y Museos.<\/p><p style=\"color: #ffffff; text-align: justify;\">Este sistema se exporta a Colombia, Costa Rica, Panama, USA y Europa cumpliendo las mayores exigencias y pruebas de calidad.<\/p><p style=\"color: #ffffff; text-align: justify;\">En el a\u00f1o 2000 en Hannover &#8211; Alemania hace el montaje del Pabell\u00f3n del Ecuador en la Expomundo 2000.<\/p><p style=\"color: #ffffff; text-align: justify;\">La Compa\u00f1\u00eda nade como Empresa de Dise\u00f1o y Montaje, posteriormente en el a\u00f1o 2005 crea su l\u00ednea de Organizaci\u00f3n y Producci\u00f3n con la que realiza las Ferias del Libro, Car Audio, Motos y Cima Kids 2012 con la que gana el Record Guinesss.<\/p><p style=\"color: #ffffff; text-align: justify;\">En el a\u00f1o 2007 construye el Mueso Guayaquil en la Historia creando su divisi\u00f3n de Muesos y Arte integrado en su equipo de talentos reconocidos a nivel Nacional y Mundial lo que le ha permitido realizar Exposiciones Educativas como Da Vinci.<\/p><p style=\"color: #ffffff; text-align: justify;\">En el a\u00f1o 2016 se encarga del dise\u00f1o y la propuesta de adecuaciones temporales para Habitat III en el Parque de El Arbolito y la Casa de la Cultura de Quito.<\/p><p style=\"color: #ffffff; text-align: justify;\">En Marzo de 2018 construye las cinco salas ac\u00fasticas para el Premio Nobel de la Paz en Bogot\u00e1 Corferias con paneles de cart\u00f3n.<\/p><p style=\"color: #ffffff; text-align: justify;\">En 2019 realiza varios trabajos Museogr\u00e1ficos para el MUNA Museo Nacional e integra un equipo de expertos para ofrecer el Servicio Clavo a Clavo.<\/p><p style=\"color: #ffffff; text-align: justify;\">En 2022 nos mudamos al Centro de Convenciones Metropolitanos de Quito y formamos parte del Centro de Servicios para facilitar a Organizadores y Expositores.<\/p><h2>ORGANIZACI\u00d3N DE FERIAS \/ EXPOSICIONES<\/h2><p>Montajes a Cielo Abierto y Bajo Techo pensando en todos los momento y detalles, cubriendo los servicios b\u00e1sicos, seguridad y complementario que este tipo de eventos requieren al tener cantidad y tr\u00e1fico importante de visitante e instalando a los Expositores a plena satisfacci\u00f3n.<\/p><p><a role=\"button\" href=\"http:\/\/www.comefex.com\/?page_id=747\"><br \/>M\u00e1s Informaci\u00f3n<br \/><\/a><\/p><figure><img loading=\"lazy\" src=\"http:\/\/www.comefex.com\/wp-content\/uploads\/2020\/01\/Foto2-1024x657.png\" sizes=\"(max-width: 1024px) 100vw, 1024px\" srcset=\"https:\/\/www.comefex.com\/wp-content\/uploads\/2020\/01\/Foto2-1024x657.png 1024w, https:\/\/www.comefex.com\/wp-content\/uploads\/2020\/01\/Foto2-300x192.png 300w, https:\/\/www.comefex.com\/wp-content\/uploads\/2020\/01\/Foto2-768x493.png 768w, https:\/\/www.comefex.com\/wp-content\/uploads\/2020\/01\/Foto2-1536x985.png 1536w, https:\/\/www.comefex.com\/wp-content\/uploads\/2020\/01\/Foto2-830x532.png 830w, https:\/\/www.comefex.com\/wp-content\/uploads\/2020\/01\/Foto2-230x148.png 230w, https:\/\/www.comefex.com\/wp-content\/uploads\/2020\/01\/Foto2-350x224.png 350w, https:\/\/www.comefex.com\/wp-content\/uploads\/2020\/01\/Foto2-480x308.png 480w, https:\/\/www.comefex.com\/wp-content\/uploads\/2020\/01\/Foto2.png 1927w\" alt=\"\" width=\"1024\" height=\"657\" \/><figcaption><\/figcaption><\/figure><p><img loading=\"lazy\" src=\"http:\/\/www.comefex.com\/wp-content\/uploads\/2020\/03\/guiness-225x300.jpeg\" sizes=\"(max-width: 225px) 100vw, 225px\" srcset=\"https:\/\/www.comefex.com\/wp-content\/uploads\/2020\/03\/guiness-225x300.jpeg 225w, https:\/\/www.comefex.com\/wp-content\/uploads\/2020\/03\/guiness-230x307.jpeg 230w, https:\/\/www.comefex.com\/wp-content\/uploads\/2020\/03\/guiness-350x467.jpeg 350w, https:\/\/www.comefex.com\/wp-content\/uploads\/2020\/03\/guiness-480x640.jpeg 480w, https:\/\/www.comefex.com\/wp-content\/uploads\/2020\/03\/guiness.jpeg 768w\" alt=\"\" width=\"225\" height=\"300\" \/><br \/><img loading=\"lazy\" src=\"http:\/\/www.comefex.com\/wp-content\/uploads\/2020\/01\/tmla-1024x768.jpg\" sizes=\"(max-width: 1024px) 100vw, 1024px\" srcset=\"https:\/\/www.comefex.com\/wp-content\/uploads\/2020\/01\/tmla-1024x768.jpg 1024w, https:\/\/www.comefex.com\/wp-content\/uploads\/2020\/01\/tmla-300x225.jpg 300w, https:\/\/www.comefex.com\/wp-content\/uploads\/2020\/01\/tmla-768x576.jpg 768w, https:\/\/www.comefex.com\/wp-content\/uploads\/2020\/01\/tmla-830x623.jpg 830w, https:\/\/www.comefex.com\/wp-content\/uploads\/2020\/01\/tmla-230x173.jpg 230w, https:\/\/www.comefex.com\/wp-content\/uploads\/2020\/01\/tmla-350x263.jpg 350w, https:\/\/www.comefex.com\/wp-content\/uploads\/2020\/01\/tmla-480x360.jpg 480w, https:\/\/www.comefex.com\/wp-content\/uploads\/2020\/01\/tmla.jpg 1280w\" alt=\"\" width=\"1024\" height=\"768\" \/><\/p><h2>MONTAJE DE STANDS<\/h2><p>Construimos Stands B\u00e1sicos para Organizadores de Ferias y Exposiciones con el Sistema Alumex y con Paneles en diversas opciones con preferencia en Montajes con Baja Huella de Carbono al usar \u201cEcopaneles\u201d y Material Reciclable.<\/p><p>Personalizamos y Desarrollamos Stands a medida y les denominamos Stands Especiales, conforme al requerimiento del Manual de Imagen del Cliente para aprovechar al m\u00e1ximo las oportunidades y rentabilizar la participaci\u00f3n.<\/p><p><a role=\"button\" href=\"http:\/\/www.comefex.com\/?page_id=743\"><br \/>M\u00e1s informaci\u00f3n<br \/><\/a><\/p><h2>MOBILIARIO DE CART\u00d3N Y CONSTRUCCI\u00d3N<br \/>EN ECOPANEL<\/h2><p>El uso de cart\u00f3n corrugado y el denominado Nido de Abeja son el Eje Creativo y Productivo sobre el que basamos los desarrollos de ambientes, espacios, mobiliarios para Ferias, Congresos,\u00a0 Exposiciones, Eventos y Museos.<\/p><p>Somos un Laboratorio de desarrollo \u00fanico en Am\u00e9rica Latina en lo relacionado a la Arquitectura Ef\u00edmera.<\/p><p><a role=\"button\" href=\"http:\/\/www.comefex.com\/?page_id=753\"><br \/>M\u00e1s informaci\u00f3n<br \/><\/a><\/p><figure><img loading=\"lazy\" src=\"http:\/\/www.comefex.com\/wp-content\/uploads\/2020\/01\/4-1024x648.png\" sizes=\"(max-width: 1024px) 100vw, 1024px\" srcset=\"https:\/\/www.comefex.com\/wp-content\/uploads\/2020\/01\/4-1024x648.png 1024w, https:\/\/www.comefex.com\/wp-content\/uploads\/2020\/01\/4-300x190.png 300w, https:\/\/www.comefex.com\/wp-content\/uploads\/2020\/01\/4-768x486.png 768w, https:\/\/www.comefex.com\/wp-content\/uploads\/2020\/01\/4-830x525.png 830w, https:\/\/www.comefex.com\/wp-content\/uploads\/2020\/01\/4-230x145.png 230w, https:\/\/www.comefex.com\/wp-content\/uploads\/2020\/01\/4-350x221.png 350w, https:\/\/www.comefex.com\/wp-content\/uploads\/2020\/01\/4-480x304.png 480w, https:\/\/www.comefex.com\/wp-content\/uploads\/2020\/01\/4.png 1265w\" alt=\"\" width=\"1024\" height=\"648\" \/><figcaption><\/figcaption><\/figure><p><img loading=\"lazy\" src=\"http:\/\/www.comefex.com\/wp-content\/uploads\/2020\/01\/5-1024x648.png\" sizes=\"(max-width: 1024px) 100vw, 1024px\" srcset=\"https:\/\/www.comefex.com\/wp-content\/uploads\/2020\/01\/5-1024x648.png 1024w, https:\/\/www.comefex.com\/wp-content\/uploads\/2020\/01\/5-300x190.png 300w, https:\/\/www.comefex.com\/wp-content\/uploads\/2020\/01\/5-768x486.png 768w, https:\/\/www.comefex.com\/wp-content\/uploads\/2020\/01\/5-830x525.png 830w, https:\/\/www.comefex.com\/wp-content\/uploads\/2020\/01\/5-230x145.png 230w, https:\/\/www.comefex.com\/wp-content\/uploads\/2020\/01\/5-350x221.png 350w, https:\/\/www.comefex.com\/wp-content\/uploads\/2020\/01\/5-480x304.png 480w, https:\/\/www.comefex.com\/wp-content\/uploads\/2020\/01\/5.png 1265w\" alt=\"\" width=\"1024\" height=\"648\" \/><\/p><h2>MUSEOS y MUDANZA DE OBRAS DE ARTE<\/h2><ul><li>Museograf\u00eda<\/li><li>Museolog\u00eda<\/li><li>Embalaje<\/li><li>Transporte<\/li><li>Montaje y Desmontaje<\/li><\/ul><p>Servicio a Nivel Nacional e Internacional<\/p><p><a role=\"button\" href=\"http:\/\/www.comefex.com\/?page_id=743\"><br \/>M\u00e1s informaci\u00f3n<br \/><\/a><\/p><h2>ARTE A CIELO ABIERTO<\/h2><ul><li>Esculturas<\/li><li>Monumentos<\/li><li>Fotograf\u00edas a Cielo Abierto &#8220;FACA&#8221;<\/li><li>Vitrales<\/li><\/ul><p><img loading=\"lazy\" src=\"http:\/\/www.comefex.com\/wp-content\/uploads\/2020\/01\/edgar-cevallos.jpg\" sizes=\"(max-width: 300px) 100vw, 300px\" srcset=\"https:\/\/www.comefex.com\/wp-content\/uploads\/2020\/01\/edgar-cevallos.jpg 301w, https:\/\/www.comefex.com\/wp-content\/uploads\/2020\/01\/edgar-cevallos-230x73.jpg 230w\" alt=\"\" width=\"300\" height=\"96\" \/><br \/><a role=\"button\" href=\"http:\/\/www.comefex.com\/?page_id=950\"><br \/>M\u00e1s informaci\u00f3n<br \/><\/a><\/p><figure><img loading=\"lazy\" src=\"http:\/\/www.comefex.com\/wp-content\/uploads\/2020\/01\/7-1.png\" sizes=\"(max-width: 1265px) 100vw, 1265px\" srcset=\"https:\/\/www.comefex.com\/wp-content\/uploads\/2020\/01\/7-1.png 1265w, https:\/\/www.comefex.com\/wp-content\/uploads\/2020\/01\/7-1-300x190.png 300w, https:\/\/www.comefex.com\/wp-content\/uploads\/2020\/01\/7-1-1024x648.png 1024w, https:\/\/www.comefex.com\/wp-content\/uploads\/2020\/01\/7-1-768x486.png 768w, https:\/\/www.comefex.com\/wp-content\/uploads\/2020\/01\/7-1-830x525.png 830w, https:\/\/www.comefex.com\/wp-content\/uploads\/2020\/01\/7-1-230x145.png 230w, https:\/\/www.comefex.com\/wp-content\/uploads\/2020\/01\/7-1-350x221.png 350w, https:\/\/www.comefex.com\/wp-content\/uploads\/2020\/01\/7-1-480x304.png 480w\" alt=\"\" width=\"1265\" height=\"800\" \/><figcaption><\/figcaption><\/figure><h2>REGISTRO &#8211; ACREDITACION<\/h2><p style=\"line-height: normal; tab-stops: 45.8pt 91.6pt 137.4pt 183.2pt 229.0pt 274.8pt 320.6pt 366.4pt 412.2pt 458.0pt 503.8pt 549.6pt 595.4pt 641.2pt 687.0pt 732.8pt; margin: 6.0pt 0cm 0cm 0cm;\">Sistema de registro o acreditaci\u00f3n de personas para Congresos, Ferias y Exposiciones.<\/p><p style=\"line-height: normal; tab-stops: 45.8pt 91.6pt 137.4pt 183.2pt 229.0pt 274.8pt 320.6pt 366.4pt 412.2pt 458.0pt 503.8pt 549.6pt 595.4pt 641.2pt 687.0pt 732.8pt; margin: 6.0pt 0cm 0cm 0cm;\">Una herramienta para gestionar eficientemente la informaci\u00f3n de todos los asistentes.<\/p><p style=\"line-height: normal; tab-stops: 45.8pt 91.6pt 137.4pt 183.2pt 229.0pt 274.8pt 320.6pt 366.4pt 412.2pt 458.0pt 503.8pt 549.6pt 595.4pt 641.2pt 687.0pt 732.8pt; margin: 6.0pt 0cm 0cm 0cm;\">Agiliza el proceso de inscripci\u00f3n, facilita el registro y la entrega de la acreditaci\u00f3n en sitio previo al inicio del evento.<\/p><p style=\"line-height: normal; tab-stops: 45.8pt 91.6pt 137.4pt 183.2pt 229.0pt 274.8pt 320.6pt 366.4pt 412.2pt 458.0pt 503.8pt 549.6pt 595.4pt 641.2pt 687.0pt 732.8pt; margin: 6.0pt 0cm 0cm 0cm;\">Realiza seguimiento en tiempo real para control de acceso con reportes por hora o por d\u00eda como lo pida el organizador.<\/p><p><a role=\"button\" href=\"https:\/\/registro.comefex.com\/\"><br \/>M\u00e1s informaci\u00f3n<br \/><\/a><br \/><img loading=\"lazy\" src=\"http:\/\/www.comefex.com\/wp-content\/uploads\/2023\/10\/FOTO-REGISTRO-ACREDITACION-300x215.jpg\" sizes=\"(max-width: 300px) 100vw, 300px\" srcset=\"https:\/\/www.comefex.com\/wp-content\/uploads\/2023\/10\/FOTO-REGISTRO-ACREDITACION-300x215.jpg 300w, https:\/\/www.comefex.com\/wp-content\/uploads\/2023\/10\/FOTO-REGISTRO-ACREDITACION-768x551.jpg 768w, https:\/\/www.comefex.com\/wp-content\/uploads\/2023\/10\/FOTO-REGISTRO-ACREDITACION-230x165.jpg 230w, https:\/\/www.comefex.com\/wp-content\/uploads\/2023\/10\/FOTO-REGISTRO-ACREDITACION-350x251.jpg 350w, https:\/\/www.comefex.com\/wp-content\/uploads\/2023\/10\/FOTO-REGISTRO-ACREDITACION-480x344.jpg 480w, https:\/\/www.comefex.com\/wp-content\/uploads\/2023\/10\/FOTO-REGISTRO-ACREDITACION.jpg 830w\" alt=\"\" width=\"300\" height=\"215\" \/><br \/><img loading=\"lazy\" src=\"http:\/\/www.comefex.com\/wp-content\/uploads\/2023\/10\/FOTO-REGISTRO-ACREDITACION1-300x215.jpg\" sizes=\"(max-width: 300px) 100vw, 300px\" srcset=\"https:\/\/www.comefex.com\/wp-content\/uploads\/2023\/10\/FOTO-REGISTRO-ACREDITACION1-300x215.jpg 300w, https:\/\/www.comefex.com\/wp-content\/uploads\/2023\/10\/FOTO-REGISTRO-ACREDITACION1-768x551.jpg 768w, https:\/\/www.comefex.com\/wp-content\/uploads\/2023\/10\/FOTO-REGISTRO-ACREDITACION1-230x165.jpg 230w, https:\/\/www.comefex.com\/wp-content\/uploads\/2023\/10\/FOTO-REGISTRO-ACREDITACION1-350x251.jpg 350w, https:\/\/www.comefex.com\/wp-content\/uploads\/2023\/10\/FOTO-REGISTRO-ACREDITACION1-480x344.jpg 480w, https:\/\/www.comefex.com\/wp-content\/uploads\/2023\/10\/FOTO-REGISTRO-ACREDITACION1.jpg 830w\" alt=\"\" width=\"300\" height=\"215\" \/><\/p><h2>Contacto<\/h2><div role=\"form\" class=\"wpcf7\" id=\"wpcf7-f617-o1\" lang=\"es-ES\" dir=\"ltr\">\n<div class=\"screen-reader-response\"><p role=\"status\" aria-live=\"polite\" aria-atomic=\"true\"><\/p> <ul><\/ul><\/div>\n<form action=\"\/index.php?rest_route=%2Fwp%2Fv2%2Fpages%2F570#wpcf7-f617-o1\" method=\"post\" class=\"wpcf7-form init\" novalidate=\"novalidate\" data-status=\"init\">\n<div style=\"display: none;\">\n<input type=\"hidden\" name=\"_wpcf7\" value=\"617\" \/>\n<input type=\"hidden\" name=\"_wpcf7_version\" value=\"5.4.1\" \/>\n<input type=\"hidden\" name=\"_wpcf7_locale\" value=\"es_ES\" \/>\n<input type=\"hidden\" name=\"_wpcf7_unit_tag\" value=\"wpcf7-f617-o1\" \/>\n<input type=\"hidden\" name=\"_wpcf7_container_post\" value=\"0\" \/>\n<input type=\"hidden\" name=\"_wpcf7_posted_data_hash\" value=\"\" \/>\n<\/div>\n<p><label> Nombre (obligatorio)<br \/>\n    <span class=\"wpcf7-form-control-wrap your-name\"><input type=\"text\" name=\"your-name\" value=\"\" size=\"40\" class=\"wpcf7-form-control wpcf7-text wpcf7-validates-as-required\" aria-required=\"true\" aria-invalid=\"false\" \/><\/span> <\/label><\/p>\n<p><label> Correo electr\u00f3nico (obligatorio)<br \/>\n    <span class=\"wpcf7-form-control-wrap your-email\"><input type=\"email\" name=\"your-email\" value=\"\" size=\"40\" class=\"wpcf7-form-control wpcf7-text wpcf7-email wpcf7-validates-as-required wpcf7-validates-as-email\" aria-required=\"true\" aria-invalid=\"false\" \/><\/span> <\/label><\/p>\n<p><label> Asunto<br \/>\n    <span class=\"wpcf7-form-control-wrap your-subject\"><input type=\"text\" name=\"your-subject\" value=\"\" size=\"40\" class=\"wpcf7-form-control wpcf7-text\" aria-invalid=\"false\" \/><\/span> <\/label><\/p>\n<p><label> Mensaje<br \/>\n    <span class=\"wpcf7-form-control-wrap your-message\"><textarea name=\"your-message\" cols=\"40\" rows=\"10\" class=\"wpcf7-form-control wpcf7-textarea\" aria-invalid=\"false\"><\/textarea><\/span> <\/label><\/p>\n<p><input type=\"submit\" value=\"Enviar\" class=\"wpcf7-form-control wpcf7-submit\" \/><\/p>\n<div class=\"wpcf7-response-output\" aria-hidden=\"true\"><\/div><\/form><\/div><h3>Horarios:<\/h3><h6>Lunes a Viernes 09h00 &#8211; 16h00<\/h6><h3>Tel\u00e9fonos<\/h3><p>+593 99 980 9847<\/p><p>+593 99 483 3901<\/p><h3>Direcci\u00f3n<\/h3><p>Centro de Convenciones Metropolitano de Quito<\/p><p>Av.Amazonas y Rio Curarai<\/p><p><iframe title=\"%3$s\" src=\"https:\/\/maps.google.com\/maps?q=centro%20de%20convenciones%20metropolitano%20de%20quito&amp;t=m&amp;z=10&amp;output=embed&amp;iwloc=near\" frameborder=\"0\" marginwidth=\"0\" marginheight=\"0\" scrolling=\"no\" aria-label=\"%3$s\"><\/iframe><\/p>\t\t\t\t\t<\/div>\n\t\t\t\t\t\t<\/div>\n\t\t\t\t<\/div>\n\t\t\t\t\t\t<\/div>\n\t\t\t\t\t<\/div>\n\t\t<\/div>\n\t\t\t\t\t\t\t\t<\/div>\n\t\t\t\t\t<\/div>\n\t\t<\/section>\n\t\t\t\t\t\t<\/div>\n\t\t\t\t\t\t<\/div>\n\t\t\t\t\t<\/div>\n\t\t","protected":false},"excerpt":{"rendered":"<p>\u00a0 \u00a0 BIENVENIDOS Comefex es una empresa de Dise\u00f1o, Construcci\u00f3n y Log\u00edstica en el mundo de la Arquitectura Ef\u00edmera , aplicada a [&hellip;]<\/p>\n","protected":false},"author":1,"featured_media":0,"parent":0,"menu_order":0,"comment_status":"closed","ping_status":"closed","template":"page-templates\/page_fullwidth.php","meta":{"ngg_post_thumbnail":0},"yoast_head":"<!-- This site is optimized with the Yoast SEO plugin v16.6.1 - https:\/\/yoast.com\/wordpress\/plugins\/seo\/ -->\n<title>Home - COMEFEX Innovando desde 1990<\/title>\n<meta name=\"description\" content=\"Organizaci\u00f3n de ferias, exposiciones, congresos y museos. Montaje de stands y pabellones. Mobiliario y construcci\u00f3n en Ecopanel y cart\u00f3n panal de abeja y sistema de registro y acreditacion, gefetes y credenciales.\" \/>\n<meta name=\"robots\" content=\"index, follow, max-snippet:-1, max-image-preview:large, max-video-preview:-1\" \/>\n<link rel=\"canonical\" href=\"https:\/\/www.comefex.com\/\" \/>\n<meta property=\"og:locale\" content=\"en_US\" \/>\n<meta property=\"og:type\" content=\"article\" \/>\n<meta property=\"og:title\" content=\"Home - COMEFEX Innovando desde 1990\" \/>\n<meta property=\"og:description\" content=\"Organizaci\u00f3n de ferias, exposiciones, congresos y museos. Montaje de stands y pabellones. Mobiliario y construcci\u00f3n en Ecopanel y cart\u00f3n panal de abeja y sistema de registro y acreditacion, gefetes y credenciales.\" \/>\n<meta property=\"og:url\" content=\"https:\/\/www.comefex.com\/\" \/>\n<meta property=\"og:site_name\" content=\"COMEFEX\" \/>\n<meta property=\"article:modified_time\" content=\"2025-04-03T23:24:49+00:00\" \/>\n<meta property=\"og:image\" content=\"http:\/\/www.comefex.com\/wp-content\/uploads\/2020\/04\/ferias-1024x46.jpg\" \/>\n<meta name=\"twitter:card\" content=\"summary_large_image\" \/>\n<meta name=\"twitter:label1\" content=\"Est. reading time\" \/>\n\t<meta name=\"twitter:data1\" content=\"8 minutes\" \/>\n<script type=\"application\/ld+json\" class=\"yoast-schema-graph\">{\"@context\":\"https:\/\/schema.org\",\"@graph\":[{\"@type\":\"WebSite\",\"@id\":\"https:\/\/www.comefex.com\/#website\",\"url\":\"https:\/\/www.comefex.com\/\",\"name\":\"COMEFEX\",\"description\":\"Innovando desde 1990\",\"potentialAction\":[{\"@type\":\"SearchAction\",\"target\":{\"@type\":\"EntryPoint\",\"urlTemplate\":\"https:\/\/www.comefex.com\/?s={search_term_string}\"},\"query-input\":\"required name=search_term_string\"}],\"inLanguage\":\"en-US\"},{\"@type\":\"ImageObject\",\"@id\":\"https:\/\/www.comefex.com\/#primaryimage\",\"inLanguage\":\"en-US\",\"url\":\"http:\/\/www.comefex.com\/wp-content\/uploads\/2020\/04\/ferias-1024x46.jpg\",\"contentUrl\":\"http:\/\/www.comefex.com\/wp-content\/uploads\/2020\/04\/ferias-1024x46.jpg\"},{\"@type\":\"WebPage\",\"@id\":\"https:\/\/www.comefex.com\/#webpage\",\"url\":\"https:\/\/www.comefex.com\/\",\"name\":\"Home - COMEFEX Innovando desde 1990\",\"isPartOf\":{\"@id\":\"https:\/\/www.comefex.com\/#website\"},\"primaryImageOfPage\":{\"@id\":\"https:\/\/www.comefex.com\/#primaryimage\"},\"datePublished\":\"2019-10-25T09:50:44+00:00\",\"dateModified\":\"2025-04-03T23:24:49+00:00\",\"description\":\"Organizaci\\u00f3n de ferias, exposiciones, congresos y museos. Montaje de stands y pabellones. Mobiliario y construcci\\u00f3n en Ecopanel y cart\\u00f3n panal de abeja y sistema de registro y acreditacion, gefetes y credenciales.\",\"breadcrumb\":{\"@id\":\"https:\/\/www.comefex.com\/#breadcrumb\"},\"inLanguage\":\"en-US\",\"potentialAction\":[{\"@type\":\"ReadAction\",\"target\":[\"https:\/\/www.comefex.com\/\"]}]},{\"@type\":\"BreadcrumbList\",\"@id\":\"https:\/\/www.comefex.com\/#breadcrumb\",\"itemListElement\":[{\"@type\":\"ListItem\",\"position\":1,\"name\":\"Portada\",\"item\":\"https:\/\/www.comefex.com\/\"},{\"@type\":\"ListItem\",\"position\":2,\"name\":\"Home\"}]}]}<\/script>\n<!-- \/ Yoast SEO plugin. -->","_links":{"self":[{"href":"https:\/\/www.comefex.com\/index.php?rest_route=\/wp\/v2\/pages\/570"}],"collection":[{"href":"https:\/\/www.comefex.com\/index.php?rest_route=\/wp\/v2\/pages"}],"about":[{"href":"https:\/\/www.comefex.com\/index.php?rest_route=\/wp\/v2\/types\/page"}],"author":[{"embeddable":true,"href":"https:\/\/www.comefex.com\/index.php?rest_route=\/wp\/v2\/users\/1"}],"replies":[{"embeddable":true,"href":"https:\/\/www.comefex.com\/index.php?rest_route=%2Fwp%2Fv2%2Fcomments&post=570"}],"version-history":[{"count":212,"href":"https:\/\/www.comefex.com\/index.php?rest_route=\/wp\/v2\/pages\/570\/revisions"}],"predecessor-version":[{"id":1155,"href":"https:\/\/www.comefex.com\/index.php?rest_route=\/wp\/v2\/pages\/570\/revisions\/1155"}],"wp:attachment":[{"href":"https:\/\/www.comefex.com\/index.php?rest_route=%2Fwp%2Fv2%2Fmedia&parent=570"}],"curies":[{"name":"wp","href":"https:\/\/api.w.org\/{rel}","templated":true}]}}